{"id":14742,"date":"2025-05-12T10:12:53","date_gmt":"2025-05-12T08:12:53","guid":{"rendered":"https:\/\/calgrauet.com\/politica-de-privacitat\/"},"modified":"2025-06-19T12:47:03","modified_gmt":"2025-06-19T10:47:03","slug":"politica-de-privacidad","status":"publish","type":"page","link":"https:\/\/calgrauet.com\/es\/politica-de-privacidad\/","title":{"rendered":"Pol\u00edtica de privacidad"},"content":{"rendered":"\t\t<div data-elementor-type=\"wp-page\" data-elementor-id=\"14742\" class=\"elementor elementor-14742 elementor-13597\" data-elementor-post-type=\"page\">\n\t\t\t\t        <section class=\"elementor-section elementor-top-section elementor-element elementor-element-5b24b93b elementor-section-boxed elementor-section-height-default elementor-section-height-default pxl-section-static-pos-no pxl-section-overflow-hidden-no pxl-container-margin-auto-no\" data-id=\"5b24b93b\" data-element_type=\"section\" data-e-type=\"section\">\n\n                \n                <div class=\"elementor-container elementor-column-gap-default \">\n                <div class=\"elementor-column elementor-col-100 elementor-top-column elementor-element elementor-element-ad1876b pxl-column-element-default pxl-column-overflow-hidden-no\" data-id=\"ad1876b\" data-element_type=\"column\" data-e-type=\"column\">\r\n        <div class=\"elementor-widget-wrap elementor-element-populated\">\r\n                    \t\t<div class=\"elementor-element elementor-element-7e898f7 elementor-widget elementor-widget-heading\" data-id=\"7e898f7\" data-element_type=\"widget\" data-e-type=\"widget\" data-widget_type=\"heading.default\">\n\t\t\t\t\t<h1 class=\"elementor-heading-title elementor-size-default\">Pol\u00edtica de privacidad<\/h1>\t\t\t\t<\/div>\n\t\t\t\t<div class=\"elementor-element elementor-element-52fd4ba1 elementor-widget elementor-widget-text-editor\" data-id=\"52fd4ba1\" data-element_type=\"widget\" data-e-type=\"widget\" data-widget_type=\"text-editor.default\">\n\t\t\t\t\t\t\t\t\t<p>De conformidad con lo establecido en la normativa vigente y aplicable en materia de Protecci\u00f3n de Datos de Car\u00e1cter Personal (RGPD) y la Ley 34\/2002, de 11 de julio, de Servicios de la Sociedad de la Informaci\u00f3n y de Comercio Electr\u00f3nico (LSSI-CE), CAL GRAUET informa a los usuarios que ha procedido a crear un perfil en las redes sociales Facebook, Twitter, Instagram y LinkedIn, con la finalidad principal de publicitar sus productos y servicios.<\/p>\t\t\t\t\t\t\t\t<\/div>\n\t\t\t\t<div class=\"elementor-element elementor-element-7f9027d0 elementor-widget elementor-widget-text-editor\" data-id=\"7f9027d0\" data-element_type=\"widget\" data-e-type=\"widget\" data-widget_type=\"text-editor.default\">\n\t\t\t\t\t\t\t\t\t<p>Datos de CAL GRAUET:<\/p><ul><li>CIF: 40562268C<\/li><li>DIRECCI\u00d3N: Carrer Major, 1 17539 Saga, Girona<\/li><li>CORREO ELECTR\u00d3NICO: info@calgrauet.com<\/li><li>DOMINIO WEB: https:\/\/calgrauet.com<\/li><\/ul><p>El usuario dispone de un perfil en la misma red social y ha decidido unirse a la p\u00e1gina creada por CAL GRAUET, mostrando as\u00ed inter\u00e9s en la informaci\u00f3n que se publicite en dicha red. Al unirse a nuestra p\u00e1gina, nos facilita su consentimiento para el tratamiento de aquellos datos personales publicados en su perfil.<\/p><p>El usuario puede acceder en todo momento a las pol\u00edticas de privacidad de la propia red social, as\u00ed como configurar su perfil para garantizar su privacidad.<\/p><p>CAL GRAUET tiene acceso y trata aquella informaci\u00f3n p\u00fablica del usuario, especialmente su nombre de contacto. Estos datos solo se utilizan dentro de la propia red social. No se incorporan a ning\u00fan sistema de tratamiento.<\/p><p>En relaci\u00f3n con los derechos de acceso, rectificaci\u00f3n, limitaci\u00f3n del tratamiento, supresi\u00f3n, portabilidad y oposici\u00f3n al tratamiento de sus datos personales que usted posee y que pueden ser ejercitados ante CAL GRAUET, de acuerdo con el RGPD, debe tener en cuenta los siguientes matices:<\/p><ul><li>Derecho de Acceso: Derecho del usuario a obtener informaci\u00f3n sobre sus datos personales concretos y el tratamiento que se haya realizado o se realice, as\u00ed como la informaci\u00f3n disponible sobre el origen de dichos datos y las comunicaciones realizadas o previstas de los mismos.<\/li><li>Derecho de Rectificaci\u00f3n: Derecho del afectado a que se modifiquen los datos que resulten ser inexactos o incompletos. Solo podr\u00e1 satisfacerse en relaci\u00f3n con aquella informaci\u00f3n que se encuentre bajo el control de CAL GRAUET, por ejemplo, eliminar comentarios publicados en la propia p\u00e1gina, im\u00e1genes o contenidos web que contengan datos personales del usuario.<\/li><li>Derecho a la Limitaci\u00f3n del tratamiento: Derecho a que se limiten las finalidades del tratamiento originalmente previstas por el responsable del tratamiento.<\/li><li>Derecho de Supresi\u00f3n: Derecho a suprimir los datos personales del usuario, salvo lo previsto en el propio RGPD u otras normativas aplicables que determinen la obligatoriedad de conservaci\u00f3n de los mismos, en tiempo y forma adecuados.<\/li><li>Derecho de Portabilidad: Derecho a recibir los datos personales que el usuario haya facilitado, en un formato estructurado, de uso com\u00fan y lectura mec\u00e1nica, y a transmitirlos a otro responsable.<\/li><li>Derecho de Oposici\u00f3n: Derecho del usuario a que no se lleve a cabo el tratamiento de sus datos personales o se cese en su tratamiento por parte de CAL GRAUET.<\/li><\/ul><p>CAL GRAUET realizar\u00e1 las siguientes actuaciones:<\/p><ul><li>Acceso a la informaci\u00f3n p\u00fablica del perfil.<\/li><li>Publicaci\u00f3n en el perfil del usuario de toda aquella informaci\u00f3n ya publicada en la p\u00e1gina de CAL GRAUET.<\/li><li>Env\u00edo de mensajes personales e individuales a trav\u00e9s de los canales de la red social.<\/li><li>Actualizaciones del estado de la p\u00e1gina que se publicar\u00e1n en el perfil del usuario.<\/li><\/ul><p>El usuario siempre puede controlar sus conexiones, eliminar los contenidos que dejen de interesarle y restringir con qui\u00e9n comparte sus conexiones. Para ello, deber\u00e1 acceder a su configuraci\u00f3n de privacidad.<\/p>\t\t\t\t\t\t\t\t<\/div>\n\t\t                    <\/div>\r\n        <\/div>\r\n        \t\t\t<\/div>\n\t\t<\/section>\n\t\t        <section class=\"elementor-section elementor-top-section elementor-element elementor-element-67fb02a0 elementor-section-boxed elementor-section-height-default elementor-section-height-default pxl-section-static-pos-no pxl-section-overflow-hidden-no pxl-container-margin-auto-no\" data-id=\"67fb02a0\" data-element_type=\"section\" data-e-type=\"section\">\n\n                \n                <div class=\"elementor-container elementor-column-gap-default \">\n                <div class=\"elementor-column elementor-col-100 elementor-top-column elementor-element elementor-element-7560fe0b pxl-column-element-default pxl-column-overflow-hidden-no\" data-id=\"7560fe0b\" data-element_type=\"column\" data-e-type=\"column\">\r\n        <div class=\"elementor-widget-wrap elementor-element-populated\">\r\n                    \t\t<div class=\"elementor-element elementor-element-31710310 elementor-widget elementor-widget-heading\" data-id=\"31710310\" data-element_type=\"widget\" data-e-type=\"widget\" data-widget_type=\"heading.default\">\n\t\t\t\t\t<h2 class=\"elementor-heading-title elementor-size-default\">Publicaciones<\/h2>\t\t\t\t<\/div>\n\t\t\t\t<div class=\"elementor-element elementor-element-2473bcbb elementor-widget elementor-widget-text-editor\" data-id=\"2473bcbb\" data-element_type=\"widget\" data-e-type=\"widget\" data-widget_type=\"text-editor.default\">\n\t\t\t\t\t\t\t\t\t<p>El usuario, una vez unido a la p\u00e1gina de CAL GRAUET, podr\u00e1 publicar en esta \u00faltima comentarios, enlaces, im\u00e1genes o fotograf\u00edas o cualquier otro tipo de contenido multimedia soportado por la red social. El usuario, en todo caso, debe ser el titular de los mismos, gozar de los derechos de autor y de propiedad intelectual o contar con el consentimiento de los terceros afectados. Se proh\u00edbe expresamente cualquier publicaci\u00f3n en la p\u00e1gina, ya sean textos, gr\u00e1ficos, fotograf\u00edas, v\u00eddeos, etc., que atenten o puedan atentar contra la moral, la \u00e9tica, el buen gusto o el decoro, y\/o que infrinjan, violen o contravengan los derechos de propiedad intelectual o industrial, el derecho a la imagen o la ley. En estos casos, CAL GRAUET se reserva el derecho a retirar de inmediato el contenido, pudiendo solicitar el bloqueo permanente del usuario.<\/p><p>CAL GRAUET no se hace responsable de los contenidos que libremente haya publicado un usuario.<\/p><p>El usuario debe tener presente que sus publicaciones ser\u00e1n conocidas por los dem\u00e1s usuarios, por lo que \u00e9l mismo es el principal responsable de su privacidad.<\/p><p>Las im\u00e1genes que puedan publicarse en la p\u00e1gina no ser\u00e1n almacenadas en ning\u00fan sistema de tratamiento por parte de CAL GRAUET, pero s\u00ed permanecer\u00e1n en la red social.<\/p>\t\t\t\t\t\t\t\t<\/div>\n\t\t\t\t<div class=\"elementor-element elementor-element-276a93c elementor-widget elementor-widget-heading\" data-id=\"276a93c\" data-element_type=\"widget\" data-e-type=\"widget\" data-widget_type=\"heading.default\">\n\t\t\t\t\t<h2 class=\"elementor-heading-title elementor-size-default\">Concursos y promociones<\/h2>\t\t\t\t<\/div>\n\t\t\t\t<div class=\"elementor-element elementor-element-445bd02c elementor-widget elementor-widget-text-editor\" data-id=\"445bd02c\" data-element_type=\"widget\" data-e-type=\"widget\" data-widget_type=\"text-editor.default\">\n\t\t\t\t\t\t\t\t\t<p>CAL GRAUET se reserva el derecho a realizar concursos y promociones en los que podr\u00e1 participar el usuario unido a su p\u00e1gina. Las bases de cada uno de ellos, cuando se utilice para ello la plataforma de la red social, ser\u00e1n publicadas en esta, cumpliendo siempre con la LSSI-CE y con cualquier otra norma que le sea de aplicaci\u00f3n.<\/p><p>La red social no patrocina, avala ni administra, de modo alguno, ninguna de nuestras promociones, ni est\u00e1 asociada a ellas.<\/p>\t\t\t\t\t\t\t\t<\/div>\n\t\t\t\t<div class=\"elementor-element elementor-element-797a683b elementor-widget elementor-widget-heading\" data-id=\"797a683b\" data-element_type=\"widget\" data-e-type=\"widget\" data-widget_type=\"heading.default\">\n\t\t\t\t\t<h2 class=\"elementor-heading-title elementor-size-default\">Publicidad<\/h2>\t\t\t\t<\/div>\n\t\t                    <\/div>\r\n        <\/div>\r\n        \t\t\t<\/div>\n\t\t<\/section>\n\t\t        <section class=\"elementor-section elementor-top-section elementor-element elementor-element-97ca195 elementor-section-boxed elementor-section-height-default elementor-section-height-default pxl-section-static-pos-no pxl-section-overflow-hidden-no pxl-container-margin-auto-no\" data-id=\"97ca195\" data-element_type=\"section\" data-e-type=\"section\">\n\n                \n                <div class=\"elementor-container elementor-column-gap-default \">\n                <div class=\"elementor-column elementor-col-100 elementor-top-column elementor-element elementor-element-444f50b pxl-column-element-default pxl-column-overflow-hidden-no\" data-id=\"444f50b\" data-element_type=\"column\" data-e-type=\"column\">\r\n        <div class=\"elementor-widget-wrap elementor-element-populated\">\r\n                    \t\t<div class=\"elementor-element elementor-element-b00153d elementor-widget elementor-widget-text-editor\" data-id=\"b00153d\" data-element_type=\"widget\" data-e-type=\"widget\" data-widget_type=\"text-editor.default\">\n\t\t\t\t\t\t\t\t\t<p>CAL GRAUET utilizar\u00e1 la red social para publicitar sus productos y servicios. En todo caso, si decide tratar sus datos de contacto para realizar acciones directas de prospecci\u00f3n comercial, lo har\u00e1 siempre cumpliendo con las exigencias legales del RGPD y de la LSSI-CE.<\/p><p>No se considerar\u00e1 publicidad el hecho de recomendar a otros usuarios la p\u00e1gina de CAL GRAUET para que tambi\u00e9n ellos puedan disfrutar de las promociones o estar informados de su actividad.<\/p><p>Enlaces a las pol\u00edticas de privacidad de las redes sociales:<\/p><ul><li>Facebook:\u00a0<a title=\"\" href=\"https:\/\/www.facebook.com\/help\/323540651073243\/\" target=\"_blank\" rel=\"nofollow noopener noreferrer\">https:\/\/www.facebook.com\/help\/323540651073243\/<\/a><\/li><li>Twitter:\u00a0<a title=\"\" href=\"https:\/\/twitter.com\/privacy\" target=\"_blank\" rel=\"nofollow noopener noreferrer\">https:\/\/twitter.com\/privacy<\/a><\/li><li>Instagram:\u00a0<a title=\"\" href=\"http:\/\/instagram.com\/about\/legal\/privacy\/\" target=\"_blank\" rel=\"nofollow noopener noreferrer\">http:\/\/instagram.com\/about\/legal\/privacy\/<\/a><\/li><li>Linkedin:\u00a0<a title=\"\" href=\"http:\/\/www.linkedin.com\/legal\/privacy-policy?trk=hb_ft_priv\" target=\"_blank\" rel=\"nofollow noopener noreferrer\">http:\/\/www.linkedin.com\/legal\/privacy-policy?trk=hb_ft_priv<\/a><\/li><\/ul>\t\t\t\t\t\t\t\t<\/div>\n\t\t\t\t<div class=\"elementor-element elementor-element-67b557d8 elementor-widget elementor-widget-spacer\" data-id=\"67b557d8\" data-element_type=\"widget\" data-e-type=\"widget\" data-widget_type=\"spacer.default\">\n\t\t\t\t\t\t\t<div class=\"elementor-spacer\">\n\t\t\t<div class=\"elementor-spacer-inner\"><\/div>\n\t\t<\/div>\n\t\t\t\t\t\t<\/div>\n\t\t                    <\/div>\r\n        <\/div>\r\n        \t\t\t<\/div>\n\t\t<\/section>\n\t\t\t\t<\/div>\n\t\t","protected":false},"excerpt":{"rendered":"<p>Pol\u00edtica de privacidad De conformidad con lo establecido en la normativa vigente y aplicable en materia de Protecci\u00f3n de Datos de Car\u00e1cter Personal (RGPD) y la Ley 34\/2002, de 11 de julio, de Servicios de la Sociedad de la Informaci\u00f3n y de Comercio Electr\u00f3nico (LSSI-CE), CAL GRAUET informa a los usuarios que ha procedido a [&hellip;]<\/p>\n","protected":false},"author":1,"featured_media":0,"parent":0,"menu_order":0,"comment_status":"closed","ping_status":"closed","template":"","meta":{"footnotes":""},"class_list":["post-14742","page","type-page","status-publish","hentry"],"yoast_head":"<!-- This site is optimized with the Yoast SEO plugin v27.4 - https:\/\/yoast.com\/product\/yoast-seo-wordpress\/ -->\n<title>Pol\u00edtica de privacidad - Cal Grauet<\/title>\n<meta name=\"description\" content=\"P\u00e1gina de la pol\u00edtica de privacidad del sitio web de Cal Grauet.\" \/>\n<meta name=\"robots\" content=\"index, follow, max-snippet:-1, max-image-preview:large, max-video-preview:-1\" \/>\n<link rel=\"canonical\" href=\"https:\/\/calgrauet.com\/es\/politica-de-privacidad\/\" \/>\n<meta property=\"og:locale\" content=\"es_ES\" \/>\n<meta property=\"og:type\" content=\"article\" \/>\n<meta property=\"og:title\" content=\"Pol\u00edtica de privacidad - Cal Grauet\" \/>\n<meta property=\"og:description\" content=\"P\u00e1gina de la pol\u00edtica de privacidad del sitio web de Cal Grauet.\" \/>\n<meta property=\"og:url\" content=\"https:\/\/calgrauet.com\/es\/politica-de-privacidad\/\" \/>\n<meta property=\"og:site_name\" content=\"Cal Grauet\" \/>\n<meta property=\"article:modified_time\" content=\"2025-06-19T10:47:03+00:00\" \/>\n<meta property=\"og:image\" content=\"https:\/\/calgrauet.com\/wp-content\/uploads\/2024\/05\/logo-cal-grauet.png\" \/>\n\t<meta property=\"og:image:width\" content=\"224\" \/>\n\t<meta property=\"og:image:height\" content=\"157\" \/>\n\t<meta property=\"og:image:type\" content=\"image\/png\" \/>\n<meta name=\"twitter:card\" content=\"summary_large_image\" \/>\n<meta name=\"twitter:label1\" content=\"Tiempo de lectura\" \/>\n\t<meta name=\"twitter:data1\" content=\"6 minutos\" \/>\n<script type=\"application\/ld+json\" class=\"yoast-schema-graph\">{\"@context\":\"https:\\\/\\\/schema.org\",\"@graph\":[{\"@type\":\"WebPage\",\"@id\":\"https:\\\/\\\/calgrauet.com\\\/es\\\/politica-de-privacidad\\\/\",\"url\":\"https:\\\/\\\/calgrauet.com\\\/es\\\/politica-de-privacidad\\\/\",\"name\":\"Pol\u00edtica de privacidad - Cal Grauet\",\"isPartOf\":{\"@id\":\"https:\\\/\\\/calgrauet.com\\\/es\\\/#website\"},\"datePublished\":\"2025-05-12T08:12:53+00:00\",\"dateModified\":\"2025-06-19T10:47:03+00:00\",\"description\":\"P\u00e1gina de la pol\u00edtica de privacidad del sitio web de Cal Grauet.\",\"breadcrumb\":{\"@id\":\"https:\\\/\\\/calgrauet.com\\\/es\\\/politica-de-privacidad\\\/#breadcrumb\"},\"inLanguage\":\"es\",\"potentialAction\":[{\"@type\":\"ReadAction\",\"target\":[\"https:\\\/\\\/calgrauet.com\\\/es\\\/politica-de-privacidad\\\/\"]}]},{\"@type\":\"BreadcrumbList\",\"@id\":\"https:\\\/\\\/calgrauet.com\\\/es\\\/politica-de-privacidad\\\/#breadcrumb\",\"itemListElement\":[{\"@type\":\"ListItem\",\"position\":1,\"name\":\"Inici\",\"item\":\"https:\\\/\\\/calgrauet.com\\\/es\\\/\"},{\"@type\":\"ListItem\",\"position\":2,\"name\":\"Pol\u00edtica de privacidad\"}]},{\"@type\":\"WebSite\",\"@id\":\"https:\\\/\\\/calgrauet.com\\\/es\\\/#website\",\"url\":\"https:\\\/\\\/calgrauet.com\\\/es\\\/\",\"name\":\"Cal Grauet\",\"description\":\"TRADICI\u00d3, ADAPTACI\u00d3 I SOSTENIBILITAT RAMADERA\",\"publisher\":{\"@id\":\"https:\\\/\\\/calgrauet.com\\\/es\\\/#organization\"},\"potentialAction\":[{\"@type\":\"SearchAction\",\"target\":{\"@type\":\"EntryPoint\",\"urlTemplate\":\"https:\\\/\\\/calgrauet.com\\\/es\\\/?s={search_term_string}\"},\"query-input\":{\"@type\":\"PropertyValueSpecification\",\"valueRequired\":true,\"valueName\":\"search_term_string\"}}],\"inLanguage\":\"es\"},{\"@type\":\"Organization\",\"@id\":\"https:\\\/\\\/calgrauet.com\\\/es\\\/#organization\",\"name\":\"Cal Grauet\",\"url\":\"https:\\\/\\\/calgrauet.com\\\/es\\\/\",\"logo\":{\"@type\":\"ImageObject\",\"inLanguage\":\"es\",\"@id\":\"https:\\\/\\\/calgrauet.com\\\/es\\\/#\\\/schema\\\/logo\\\/image\\\/\",\"url\":\"https:\\\/\\\/calgrauet.com\\\/wp-content\\\/uploads\\\/2024\\\/05\\\/logo-cal-grauet.png\",\"contentUrl\":\"https:\\\/\\\/calgrauet.com\\\/wp-content\\\/uploads\\\/2024\\\/05\\\/logo-cal-grauet.png\",\"width\":224,\"height\":157,\"caption\":\"Cal Grauet\"},\"image\":{\"@id\":\"https:\\\/\\\/calgrauet.com\\\/es\\\/#\\\/schema\\\/logo\\\/image\\\/\"}}]}<\/script>\n<!-- \/ Yoast SEO plugin. -->","yoast_head_json":{"title":"Pol\u00edtica de privacidad - Cal Grauet","description":"P\u00e1gina de la pol\u00edtica de privacidad del sitio web de Cal Grauet.","robots":{"index":"index","follow":"follow","max-snippet":"max-snippet:-1","max-image-preview":"max-image-preview:large","max-video-preview":"max-video-preview:-1"},"canonical":"https:\/\/calgrauet.com\/es\/politica-de-privacidad\/","og_locale":"es_ES","og_type":"article","og_title":"Pol\u00edtica de privacidad - Cal Grauet","og_description":"P\u00e1gina de la pol\u00edtica de privacidad del sitio web de Cal Grauet.","og_url":"https:\/\/calgrauet.com\/es\/politica-de-privacidad\/","og_site_name":"Cal Grauet","article_modified_time":"2025-06-19T10:47:03+00:00","og_image":[{"width":224,"height":157,"url":"https:\/\/calgrauet.com\/wp-content\/uploads\/2024\/05\/logo-cal-grauet.png","type":"image\/png"}],"twitter_card":"summary_large_image","twitter_misc":{"Tiempo de lectura":"6 minutos"},"schema":{"@context":"https:\/\/schema.org","@graph":[{"@type":"WebPage","@id":"https:\/\/calgrauet.com\/es\/politica-de-privacidad\/","url":"https:\/\/calgrauet.com\/es\/politica-de-privacidad\/","name":"Pol\u00edtica de privacidad - Cal Grauet","isPartOf":{"@id":"https:\/\/calgrauet.com\/es\/#website"},"datePublished":"2025-05-12T08:12:53+00:00","dateModified":"2025-06-19T10:47:03+00:00","description":"P\u00e1gina de la pol\u00edtica de privacidad del sitio web de Cal Grauet.","breadcrumb":{"@id":"https:\/\/calgrauet.com\/es\/politica-de-privacidad\/#breadcrumb"},"inLanguage":"es","potentialAction":[{"@type":"ReadAction","target":["https:\/\/calgrauet.com\/es\/politica-de-privacidad\/"]}]},{"@type":"BreadcrumbList","@id":"https:\/\/calgrauet.com\/es\/politica-de-privacidad\/#breadcrumb","itemListElement":[{"@type":"ListItem","position":1,"name":"Inici","item":"https:\/\/calgrauet.com\/es\/"},{"@type":"ListItem","position":2,"name":"Pol\u00edtica de privacidad"}]},{"@type":"WebSite","@id":"https:\/\/calgrauet.com\/es\/#website","url":"https:\/\/calgrauet.com\/es\/","name":"Cal Grauet","description":"TRADICI\u00d3, ADAPTACI\u00d3 I SOSTENIBILITAT RAMADERA","publisher":{"@id":"https:\/\/calgrauet.com\/es\/#organization"},"potentialAction":[{"@type":"SearchAction","target":{"@type":"EntryPoint","urlTemplate":"https:\/\/calgrauet.com\/es\/?s={search_term_string}"},"query-input":{"@type":"PropertyValueSpecification","valueRequired":true,"valueName":"search_term_string"}}],"inLanguage":"es"},{"@type":"Organization","@id":"https:\/\/calgrauet.com\/es\/#organization","name":"Cal Grauet","url":"https:\/\/calgrauet.com\/es\/","logo":{"@type":"ImageObject","inLanguage":"es","@id":"https:\/\/calgrauet.com\/es\/#\/schema\/logo\/image\/","url":"https:\/\/calgrauet.com\/wp-content\/uploads\/2024\/05\/logo-cal-grauet.png","contentUrl":"https:\/\/calgrauet.com\/wp-content\/uploads\/2024\/05\/logo-cal-grauet.png","width":224,"height":157,"caption":"Cal Grauet"},"image":{"@id":"https:\/\/calgrauet.com\/es\/#\/schema\/logo\/image\/"}}]}},"_links":{"self":[{"href":"https:\/\/calgrauet.com\/es\/wp-json\/wp\/v2\/pages\/14742","targetHints":{"allow":["GET"]}}],"collection":[{"href":"https:\/\/calgrauet.com\/es\/wp-json\/wp\/v2\/pages"}],"about":[{"href":"https:\/\/calgrauet.com\/es\/wp-json\/wp\/v2\/types\/page"}],"author":[{"embeddable":true,"href":"https:\/\/calgrauet.com\/es\/wp-json\/wp\/v2\/users\/1"}],"replies":[{"embeddable":true,"href":"https:\/\/calgrauet.com\/es\/wp-json\/wp\/v2\/comments?post=14742"}],"version-history":[{"count":5,"href":"https:\/\/calgrauet.com\/es\/wp-json\/wp\/v2\/pages\/14742\/revisions"}],"predecessor-version":[{"id":14847,"href":"https:\/\/calgrauet.com\/es\/wp-json\/wp\/v2\/pages\/14742\/revisions\/14847"}],"wp:attachment":[{"href":"https:\/\/calgrauet.com\/es\/wp-json\/wp\/v2\/media?parent=14742"}],"curies":[{"name":"wp","href":"https:\/\/api.w.org\/{rel}","templated":true}]}}